{"id":169,"date":"2017-03-09T12:46:48","date_gmt":"2017-03-09T11:46:48","guid":{"rendered":"http:\/\/morda.multibabirel.ch\/?page_id=169"},"modified":"2017-03-10T18:12:14","modified_gmt":"2017-03-10T17:12:14","slug":"trouver-votre-empreinte-vocale","status":"publish","type":"page","link":"http:\/\/www.morda.ch\/index.php\/trouver-votre-empreinte-vocale\/","title":{"rendered":"Trouver votre empreinte vocale"},"content":{"rendered":"<p>[et_pb_section admin_label=\u00a0\u00bbSection\u00a0\u00bb fullwidth=\u00a0\u00bbon\u00a0\u00bb specialty=\u00a0\u00bboff\u00a0\u00bb][et_pb_fullwidth_image admin_label=\u00a0\u00bbImage en pleine largeur\u00a0\u00bb src=\u00a0\u00bbhttp:\/\/morda.multibabirel.ch\/wp-content\/uploads\/2017\/03\/bandeau_morda_5_2_cours.jpg\u00a0\u00bb show_in_lightbox=\u00a0\u00bboff\u00a0\u00bb url_new_window=\u00a0\u00bboff\u00a0\u00bb use_overlay=\u00a0\u00bboff\u00a0\u00bb animation=\u00a0\u00bbleft\u00a0\u00bb use_border_color=\u00a0\u00bboff\u00a0\u00bb border_color=\u00a0\u00bb#ffffff\u00a0\u00bb border_style=\u00a0\u00bbsolid\u00a0\u00bb] [\/et_pb_fullwidth_image][\/et_pb_section][et_pb_section admin_label=\u00a0\u00bbsection\u00a0\u00bb][et_pb_row admin_label=\u00a0\u00bbrow\u00a0\u00bb][et_pb_column type=\u00a0\u00bb1_2&Prime;][et_pb_image admin_label=\u00a0\u00bbImage\u00a0\u00bb src=\u00a0\u00bbhttp:\/\/morda.multibabirel.ch\/wp-content\/uploads\/2017\/03\/bonhomme_porte_voix2.jpg\u00a0\u00bb show_in_lightbox=\u00a0\u00bboff\u00a0\u00bb url_new_window=\u00a0\u00bboff\u00a0\u00bb use_overlay=\u00a0\u00bboff\u00a0\u00bb animation=\u00a0\u00bbleft\u00a0\u00bb sticky=\u00a0\u00bboff\u00a0\u00bb align=\u00a0\u00bbleft\u00a0\u00bb force_fullwidth=\u00a0\u00bboff\u00a0\u00bb always_center_on_mobile=\u00a0\u00bbon\u00a0\u00bb use_border_color=\u00a0\u00bboff\u00a0\u00bb border_color=\u00a0\u00bb#ffffff\u00a0\u00bb border_style=\u00a0\u00bbsolid\u00a0\u00bb] [\/et_pb_image][\/et_pb_column][et_pb_column type=\u00a0\u00bb1_2&Prime;][et_pb_text admin_label=\u00a0\u00bbTexte\u00a0\u00bb background_layout=\u00a0\u00bblight\u00a0\u00bb text_orientation=\u00a0\u00bbleft\u00a0\u00bb use_border_color=\u00a0\u00bboff\u00a0\u00bb border_color=\u00a0\u00bb#ffffff\u00a0\u00bb border_style=\u00a0\u00bbsolid\u00a0\u00bb]<\/p>\n<h2>TROUVER VOTRE EMPREINTE VOCALE<\/h2>\n<p>Cours personnalis\u00e9 sur la prise de parole<\/p>\n<p>Votre\u00a0empreinte vocale est unique au monde ! Qu\u2019est-ce que votre\u00a0interlocuteur entend de vous? Vos loyaut\u00e9s, vos\u00a0psychologies et peut-\u00eatre un fond de vrai !<\/p>\n<p>Objectifs :<\/p>\n<ul>\n<li>Poser votre\u00a0voix de leader<\/li>\n<li>Communiquer vos\u00a0id\u00e9es avec efficacit\u00e9<\/li>\n<li>Apprendre \u00e0 jouer de ce magnifique instrument de musique qu\u2019est votre\u00a0corps<\/li>\n<li>Comment dire vrai, comment dire tout ?<\/li>\n<li>Projeter votre\u00a0voix vers les personnes \u00e0 qui vous vous adressez<\/li>\n<li>Capter votre\u00a0auditoire, par le phras\u00e9<\/li>\n<li>Donner de la puissance \u00e0 votre\u00a0voix en \u00adtravaillant la colonne d\u2019air<\/li>\n<\/ul>\n<p>Formation de 3 jours, au coeur du Tessin, en pension compl\u00e8te, dans un superbe\u00a0\u00e9crin, propice\u00a0\u00e0 la voix.<\/p>\n<p>Toutes les informations dans le d\u00e9pliant \u00e0 t\u00e9l\u00e9charger ci-dessous.<\/p>\n<p>[\/et_pb_text][et_pb_button admin_label=\u00a0\u00bbBouton\u00a0\u00bb button_url=\u00a0\u00bbhttp:\/\/morda.multibabirel.ch\/wp-content\/uploads\/2017\/03\/flyer_voix_projet_2.pdf\u00a0\u00bb url_new_window=\u00a0\u00bboff\u00a0\u00bb button_text=\u00a0\u00bbT\u00e9l\u00e9charger le flyer\u00a0\u00bb button_alignment=\u00a0\u00bbleft\u00a0\u00bb background_layout=\u00a0\u00bblight\u00a0\u00bb custom_button=\u00a0\u00bboff\u00a0\u00bb button_letter_spacing=\u00a0\u00bb0&Prime; button_use_icon=\u00a0\u00bbdefault\u00a0\u00bb button_icon_placement=\u00a0\u00bbright\u00a0\u00bb button_on_hover=\u00a0\u00bbon\u00a0\u00bb button_letter_spacing_hover=\u00a0\u00bb0&Prime;] [\/et_pb_button][\/et_pb_column][\/et_pb_row][\/et_pb_section]<\/p>\n","protected":false},"excerpt":{"rendered":"<p>TROUVER VOTRE EMPREINTE VOCALE Cours personnalis\u00e9 sur la prise de parole Votre\u00a0empreinte vocale est unique au monde ! Qu\u2019est-ce que votre\u00a0interlocuteur entend de vous? Vos loyaut\u00e9s, vos\u00a0psychologies et peut-\u00eatre un fond de vrai ! Objectifs : Poser votre\u00a0voix de leader Communiquer vos\u00a0id\u00e9es avec efficacit\u00e9 Apprendre \u00e0 jouer de ce magnifique instrument de musique qu\u2019est votre\u00a0corps [&hellip;]<\/p>\n","protected":false},"author":1,"featured_media":0,"parent":0,"menu_order":0,"comment_status":"closed","ping_status":"closed","template":"","meta":{"_et_pb_use_builder":"on","_et_pb_old_content":"","_et_gb_content_width":"","footnotes":""},"class_list":["post-169","page","type-page","status-publish","hentry"],"_links":{"self":[{"href":"http:\/\/www.morda.ch\/index.php\/wp-json\/wp\/v2\/pages\/169","targetHints":{"allow":["GET"]}}],"collection":[{"href":"http:\/\/www.morda.ch\/index.php\/wp-json\/wp\/v2\/pages"}],"about":[{"href":"http:\/\/www.morda.ch\/index.php\/wp-json\/wp\/v2\/types\/page"}],"author":[{"embeddable":true,"href":"http:\/\/www.morda.ch\/index.php\/wp-json\/wp\/v2\/users\/1"}],"replies":[{"embeddable":true,"href":"http:\/\/www.morda.ch\/index.php\/wp-json\/wp\/v2\/comments?post=169"}],"version-history":[{"count":9,"href":"http:\/\/www.morda.ch\/index.php\/wp-json\/wp\/v2\/pages\/169\/revisions"}],"predecessor-version":[{"id":318,"href":"http:\/\/www.morda.ch\/index.php\/wp-json\/wp\/v2\/pages\/169\/revisions\/318"}],"wp:attachment":[{"href":"http:\/\/www.morda.ch\/index.php\/wp-json\/wp\/v2\/media?parent=169"}],"curies":[{"name":"wp","href":"https:\/\/api.w.org\/{rel}","templated":true}]}}